{"id":3,"date":"2024-09-05T11:10:54","date_gmt":"2024-09-05T09:10:54","guid":{"rendered":"https:\/\/www.panorama-plus.pl\/sklep\/?page_id=3"},"modified":"2024-10-02T10:41:03","modified_gmt":"2024-10-02T08:41:03","slug":"polityka-prywatnosci","status":"publish","type":"page","link":"https:\/\/www.panorama-plus.pl\/sklep\/polityka-prywatnosci\/","title":{"rendered":"Polityka prywatno\u015bci"},"content":{"rendered":"<p><strong>Polityka prywatno\u015bci sklepu internetowego<\/strong><\/p><p><strong>POLITYKA PRYWATNO\u015aCI<\/strong><\/p><ol style=\"list-style-type:upper-roman\" class=\"wp-block-list\"><li>Postanowienia og\u00f3lne<\/li>\n\n<li>Przetwarzanie danych osobowych w celu sprawnej i komfortowej realizacji zam\u00f3wienia<\/li>\n\n<li>Przetwarzanie danych osobowych w celu realizacji umowy prowadzenia konta w sklepie<\/li>\n\n<li>Przetwarzanie danych w celu bezpo\u015bredniego kontaktu z klientem<\/li>\n\n<li>Przetwarzanie danych osobowych w celu \u015bwiadczenia us\u0142ugi newsletter<\/li>\n\n<li>Przetwarzanie danych w celu promowania oferty Sklepu<\/li>\n\n<li>Przetwarzanie danych osobowych w celu zapewnienia bezpiecze\u0144stwa i niezawodno\u015bci<\/li>\n\n<li>Przetwarzanie danych osobowych w celu pomiaru wynik\u00f3w<\/li>\n\n<li>Przetwarzanie danych osobowych w celu spe\u0142nienia wymog\u00f3w prawnych<\/li>\n\n<li>Przekazywanie danych osobowych do pa\u0144stwa trzeciego<\/li>\n\n<li>Prawo kontroli, dost\u0119pu do tre\u015bci swoich danych oraz ich poprawiania<\/li>\n\n<li>Pliki \u201eCookies\u201d<\/li>\n\n<li>Postanowienia ko\u0144cowe<\/li><\/ol><p><strong>I. POSTANOWIENIA OG\u00d3LNE<\/strong><\/p><ol class=\"wp-block-list\"><li>Administratorem danych osobowych zbieranych za po\u015brednictwem Sklepu www.sklep.panorama-plus.pl jest firma Koz\u0142owski Andrzej &#8222;PANORAMA+&#8221;, wpisana do rejestru przedsi\u0119biorc\u00f3w prowadzonego przez S\u0105d Rejonowy dla NIP: 529-12-99-726, REGON: 016771386, miejsce wykonywania dzia\u0142alno\u015bci oraz adres do dor\u0119cze\u0144: Kozerki ul. Gen. Orlicz-Dreszera 29a, 05-825 Grodzisk Mazowiecki, adres poczty elektronicznej (e-mail): kontakt@panorama-plus.pl, tel. +48 602 320 270, zwana dalej &#8222;Administratorem&#8221; i b\u0119d\u0105cy jednocze\u015bnie Us\u0142ugodawc\u0105.<\/li>\n\n<li>Wyrazy lub wyra\u017cenia pisane w tre\u015bci niniejszej Polityki Prywatno\u015bci z du\u017cej litery nale\u017cy rozumie\u0107 zgodnie z ich definicj\u0105 zawart\u0105 w Regulaminie Sklepu www.sklep.panorama-plus.pl<\/li><\/ol><p><strong>II. PRZETWARZANIE DANYCH OSOBOWYCH W CELU SPRAWNEJ I KOMFORTOWEJ REALIZACJI ZAM\u00d3WIENIA<\/strong><\/p><ol class=\"wp-block-list\"><li>Dane osobowe zbierane s\u0105 w trakcie sk\u0142adania zam\u00f3wienia.<\/li>\n\n<li>Przetwarzane dane s\u0105 niezb\u0119dne do sprawnego zrealizowania zam\u00f3wienia, czyli Umowy Sprzeda\u017cy oraz do wywi\u0105zania si\u0119 z obowi\u0105zk\u00f3w prawnych ci\u0105\u017c\u0105cych na Administratorze (w szczeg\u00f3lno\u015bci z obowi\u0105zk\u00f3w podatkowych). Przetwarzane dane osobowe to:<ol style=\"list-style-type:lower-alpha\" class=\"wp-block-list\"><li>imi\u0119 i nazwisko<\/li>\n\n<li>adres<\/li>\n\n<li>adres e-mail<\/li>\n\n<li>numer telefonu<\/li>\n\n<li>firma<\/li>\n\n<li>NIP<\/li><\/ol><\/li>\n\n<li>W przypadku zam\u00f3wie\u0144 na produkty obj\u0119te regulacjami ustawy o wykonywaniu dzia\u0142alno\u015bci gospodarczej w zakresie wytwarzania i obrotu materia\u0142ami wybuchowymi, broni\u0105, amunicj\u0105 oraz wyrobami i technologi\u0105 o przeznaczeniu wojskowym lub policyjnym ( czyli np. paralizatory, czy wiatr\u00f3wki o energii kinetycznej ponad 17 J) dodatkowo zbierane s\u0105 dane:<ol style=\"list-style-type:lower-alpha\" class=\"wp-block-list\"><li>PESEL<\/li>\n\n<li>seria i numer dowodu osobistego<\/li><\/ol><\/li>\n\n<li>Odbiorcami danych osobowych mog\u0105 by\u0107 pracownicy Administratora, firmy kurierskie, instytucje p\u0142atnicze (np. PayU, PayPal), dostawcy us\u0142ug IT (np. dostawcy serwer\u00f3w i oprogramowania, programi\u015bci), dostawcy us\u0142ug ksi\u0119gowych.<\/li>\n\n<li>Dane b\u0119d\u0105 przechowywane przez okres wymagany przepisami podatkowymi powi\u0119kszony o okres przedawnienia ewentualnych roszcze\u0144 zar\u00f3wno Administratora jak i Klienta.<\/li>\n\n<li>Klient mo\u017ce za po\u015brednictwem ustawie\u0144 przegl\u0105darki udost\u0119pni\u0107 swoje dane geolokalizacyjne na podstawie kt\u00f3rych, w trakcie sk\u0142adania zam\u00f3wienia zostanie podpowiedziany Paczkomat InPost najbli\u017cej klienta.<\/li><\/ol><p><strong>III. PRZETWARZANIE DANYCH OSOBOWYCH W CELU REALIZACJI UMOWY PROWADZENIA KONTA W SKLEPIE<\/strong><\/p><ol class=\"wp-block-list\"><li>Dane zbierane s\u0105 przy zak\u0142adaniu Konta w Sklepie i w trakcie jego prowadzenia.<\/li>\n\n<li>Przetwarzane dane niezb\u0119dne do realizacji Umowy prowadzenia konta w Sklepie:<ol style=\"list-style-type:lower-alpha\" class=\"wp-block-list\"><li>adres e-mail<\/li><\/ol><\/li>\n\n<li>Klient mo\u017ce wyrazi\u0107 zgod\u0119 na przetwarzanie danych w celu automatycznego uzupe\u0142niania formularza zam\u00f3wienia. Je\u017celi klient zgadza si\u0119 na takie przetwarzanie danych mo\u017ce je wpisa\u0107 w odpowiednie okienka na swoim Koncie w Sklepie. Te dane to:<ol style=\"list-style-type:lower-alpha\" class=\"wp-block-list\"><li>imi\u0119 i nazwisko<\/li>\n\n<li>adres<\/li>\n\n<li>numer telefonu<\/li>\n\n<li>firma<\/li>\n\n<li>NIP<\/li><\/ol><\/li>\n\n<li>Odbiorcami danych osobowych mog\u0105 by\u0107 pracownicy Administratora, dostawcy us\u0142ug IT (np. dostawcy serwer\u00f3w i oprogramowania, programi\u015bci).<\/li>\n\n<li>Dane osobowe przetwarzane na podstawie zgody Klienta przetwarzane b\u0119d\u0105 do czasu jej wycofania lub usuni\u0119cia Konta.<\/li>\n\n<li>Klient mo\u017ce wycofa\u0107 zgod\u0119 w dowolnym momencie. W tym celu nale\u017cy usun\u0105\u0107 dane z okienek i klikn\u0105\u0107 przycisk \u201cZapisz zmiany\u201d.<\/li>\n\n<li>Cofni\u0119cie zgody nie wp\u0142ywa na zgodno\u015b\u0107 z prawem przetwarzania dokonanego przed jej cofni\u0119ciem.<\/li>\n\n<li>Podanie adresu e-mail jest warunkiem zawarcie umowy, jest ono dobrowolne ale jego brak uniemo\u017cliwi prowadzenie Konta w Sklepie.<\/li>\n\n<li>Podanie pozosta\u0142ych danych na Koncie jest dobrowolne. Ich brak uniemo\u017cliwia automatyczne uzupe\u0142nianie formularza zam\u00f3wienia.<\/li><\/ol><p><strong>IV. PRZETWARZANIE DANYCH OSOBOWYCH W CELU BEZPO\u015aREDNIEGO KONTAKTU Z KLIENTEM<\/strong><\/p><ol class=\"wp-block-list\"><li>Dane zbierane s\u0105 w trakcie kontaktu rozpocz\u0119tego przy pomocy formularza kontaktowego, telefonicznie, za po\u015brednictwem poczty e-mail, Czatu lub innych narz\u0119dzi komunikacji.<\/li>\n\n<li>Przetwarzanie danych jest niezb\u0119dne do rzetelnej obs\u0142ugi Klient\u00f3w zwracaj\u0105cych si\u0119 z zapytaniem.<\/li>\n\n<li>Przetwarzane dane to:<ol style=\"list-style-type:lower-alpha\" class=\"wp-block-list\"><li>adres e-mail<\/li>\n\n<li>imi\u0119 i nazwisko<\/li>\n\n<li>numer telefonu<\/li><\/ol><\/li>\n\n<li>Odbiorcami podanych danych osobowych mog\u0105 by\u0107 pracownicy Administratora, dostawcy us\u0142ug IT (np. dostawcy serwer\u00f3w i oprogramowania, programi\u015bci).<\/li>\n\n<li>Dane osobowe przetwarzane b\u0119d\u0105 przez okres roku.<\/li>\n\n<li>Podanie danych jest dobrowolne, ale konieczne do nawi\u0105zania kontaktu.<\/li><\/ol><p><strong>V. PRZETWARZANIE DANYCH OSOBOWYCH W CELU \u015aWIADCZENIA US\u0141UGI NEWSLETTER<\/strong><\/p><ol class=\"wp-block-list\"><li>Dane osobowe zbierane s\u0105 w trakcie zapisu na us\u0142ug\u0119 newsletter oraz w trakcie jej trwania.<\/li>\n\n<li>Przetwarzanie danych osobowych jest niezb\u0119dne do prawid\u0142owego wykonania umowy o wysy\u0142k\u0119 Newslettera.<\/li>\n\n<li>Administrator d\u0105\u017cy do tego by informacje przesy\u0142ane w Newsletterze by\u0142y jak najbardziej przydatne dla Klienta. W tym celu stosuje r\u00f3wnie\u017c dopasowywanie prezentowanych informacji na podstawie aktywno\u015bci u\u017cytkownika na stronach sklep\u00f3w www Administratora i dokonywanych zakup\u00f3w.<\/li>\n\n<li>Przetwarzane dane to:<ol style=\"list-style-type:lower-alpha\" class=\"wp-block-list\"><li>adres e-mail<\/li>\n\n<li>imi\u0119<\/li>\n\n<li>aktywno\u015b\u0107 na witrynach Administratora<\/li><\/ol><\/li>\n\n<li>Dane przetwarzane s\u0105 przez okres \u015bwiadczenia us\u0142ugi. Klient mo\u017ce zrezygnowa\u0107 z otrzymywania Newslettera w ka\u017cdym momencie klikaj\u0105c w link znajduj\u0105cy si\u0119 w stopce ka\u017cdej wiadomo\u015bci w Newsletterze.<\/li>\n\n<li>Podanie danych osobowych jest dobrowolne lecz konieczne do \u015bwiadczenia us\u0142ugi.<\/li><\/ol><p><strong>VI. PRZETWARZANIE DANYCH W CELU PROMOWANIA OFERTY SKLEPU<\/strong><\/p><ol class=\"wp-block-list\"><li>Dla promowania oferty Sklepu administrator przetwarza dane:<ol style=\"list-style-type:lower-alpha\" class=\"wp-block-list\"><li>adres email<\/li>\n\n<li>aktywno\u015b\u0107 w witrynie <a href=\"http:\/\/www.sklep.panorama-plus.pl\/\">www.sklep.panorama-plus.pl<\/a><\/li>\n\n<li>unikalne identyfikatory powi\u0105zane z przegl\u0105dark\u0105, kt\u00f3rej u\u017cywa Klient (czyli m.in. pliki Cookies). Unikalne identyfikatory powi\u0105zane z r\u00f3\u017cnymi przegl\u0105darkami mog\u0105 by\u0107 \u0142\u0105czone je\u017celi klient jest zalogowany na swoje Konto na kilku przegl\u0105darkach.<\/li><\/ol><\/li>\n\n<li>Cel przetwarzania wynika z prawa Administratora do prowadzenia dzia\u0142a\u0144 marketingowych w tym marketingu bezpo\u015bredniego.<\/li><\/ol><p><strong>VII. PRZETWARZANIE DANYCH OSOBOWYCH W CELU ZAPEWNIENIA BEZPIECZE\u0143STWA I NIEZAWODNO\u015aCI<\/strong><\/p><ol class=\"wp-block-list\"><li>Dla zapewnienia bezpiecze\u0144stwa Klientom oraz do zapewnienia niezawodno\u015bci \u015bwiadczenia us\u0142ug Administrator przetwarza nast\u0119puj\u0105ce dane:<ol style=\"list-style-type:lower-alpha\" class=\"wp-block-list\"><li>adresy IP<\/li>\n\n<li>unikalne identyfikatory powi\u0105zane z przegl\u0105dark\u0105, kt\u00f3rej u\u017cywa Klient (czyli m.in. pliki Cookies)<\/li>\n\n<li>mo\u017cemy \u0142\u0105czy\u0107 unikalne identyfikatory powi\u0105zane z r\u00f3\u017cnymi przegl\u0105darkami je\u017celi Klient jest zalogowany na swoje konto na kilku przegl\u0105darkach<\/li>\n\n<li>typ i ustawienia przegl\u0105darki oraz urz\u0105dzenia<\/li>\n\n<li>aktywno\u015b\u0107 w witrynie www.sklep.panorama-plus.pl<\/li>\n\n<li>\u017ar\u00f3d\u0142a odwiedzin<\/li><\/ol><\/li>\n\n<li>Dzi\u0119ki tym informacjom Administrator ma mo\u017cliwo\u015b\u0107 wykrywania oszustw, nadu\u017cy\u0107, zagro\u017ce\u0144 bezpiecze\u0144stwa i problem\u00f3w technicznych, kt\u00f3re mog\u0142yby wyrz\u0105dzi\u0107 szkod\u0119 zar\u00f3wno Klientom jak i Administratorowi ale tak\u017ce innym osobom. Dzi\u0119ki temu Administrator ma mo\u017cliwo\u015b\u0107 reagowania i zapobiegania im.<\/li>\n\n<li>Przetwarzanie tych danych odbywa si\u0119 na podstawie:<ol style=\"list-style-type:lower-alpha\" class=\"wp-block-list\"><li>wymogu zapewnienia prawid\u0142owo\u015bci, integralno\u015bci i poufno\u015bci danych<\/li>\n\n<li>interes\u00f3w Administratora aby chroni\u0107 swoich praw, bezpiecze\u0144stwa w tym r\u00f3wnie\u017c by zabezpiecza\u0107 dane niezb\u0119dne do dochodzenia roszcze\u0144 lub \u017c\u0105da\u0144.<\/li><\/ol><\/li>\n\n<li>Dane te przechowywane s\u0105 tak d\u0142ugo, jak d\u0142ugo mog\u0105 by\u0107 istotne do zapewnienia bezpiecze\u0144stwa i niezawodno\u015bci.<\/li><\/ol><p><strong>VIII. PRZETWARZANIE DANYCH OSOBOWYCH W CELU POMIARU WYNIK\u00d3W<\/strong><\/p><ol class=\"wp-block-list\"><li>Dla utrzymywania i ulepszania us\u0142ug oraz oferty Sklepu, tak by zaspokaja\u0142y potrzeby Klient\u00f3w, Administrator przetwarza dane:<ol style=\"list-style-type:lower-alpha\" class=\"wp-block-list\"><li>adresy IP<\/li>\n\n<li>unikalne identyfikatory powi\u0105zane z przegl\u0105dark\u0105, kt\u00f3rej u\u017cywa Klient (czyli m.in. pliki Cookies). Unikalne identyfikatory powi\u0105zane z r\u00f3\u017cnymi przegl\u0105darkami mog\u0105 by\u0107 \u0142\u0105czone je\u017celi klient jest zalogowany na swoje Konto na kilku przegl\u0105darkach<\/li>\n\n<li>adres e-mail<\/li>\n\n<li>typ i ustawienia przegl\u0105darki oraz urz\u0105dzenia<\/li>\n\n<li>aktywno\u015b\u0107 w witrynie www.sklep.panorama-plus.pl<\/li>\n\n<li>\u017ar\u00f3d\u0142a odwiedzin<\/li>\n\n<li>informacje o zakupach, sposobach p\u0142atno\u015bci i dostawy<\/li><\/ol><\/li>\n\n<li>Cel przetwarzania wynika z prawa Administratora do racjonalnego gospodarowania swoimi zasobami.<\/li><\/ol><p><strong>IX. PRZETWARZANIE DANYCH OSOBOWYCH W CELU SPE\u0141NIENIA WYMOG\u00d3W PRAWNYCH<\/strong><\/p><ol class=\"wp-block-list\"><li>Wszystkie dane wymienione w paragrafach poprzednich mog\u0105 by\u0107 r\u00f3wnie\u017c przetwarzane w celu spe\u0142nienia wymog\u00f3w prawnych w m.in. w sytuacjach takich jak:<ol style=\"list-style-type:lower-alpha\" class=\"wp-block-list\"><li>reagowanie na proces prawny<\/li>\n\n<li>prawomocne \u017c\u0105dania instytucji pa\u0144stwowych<\/li>\n\n<li>zabezpieczanie danych w celu dochodzenia roszcze\u0144<\/li><\/ol><\/li><\/ol><p><strong>X. PRZEKAZYWANIE DANYCH OSOBOWYCH DO PA\u0143STWA TRZECIEGO<\/strong><\/p><ol class=\"wp-block-list\"><li>Dane osobowe b\u0119d\u0105 przekazywane do Stan\u00f3w Zjednoczonych Ameryki do:<ol style=\"list-style-type:lower-alpha\" class=\"wp-block-list\"><li>Google<\/li>\n\n<li>Paypal (w przypadku p\u0142atno\u015bci dokonywanych za po\u015brednictwem PayPal)<\/li>\n\n<li>System\u00f3w p\u0142atno\u015bci (w przypadku p\u0142atno\u015bci dokonywanych za po\u015brednictwem danego operatora)<\/li><\/ol><\/li>\n\n<li>Przekazywanie danych osobowych odbywa si\u0119 na podstawie standardowych klauzul umownych, w celu zapewnienia odpowiedniego stopnia ochrony.<\/li>\n\n<li>Kategorie danych osobowych jakie s\u0105 przekazywane do Google:<ol style=\"list-style-type:lower-alpha\" class=\"wp-block-list\"><li>adresy IP<\/li>\n\n<li>unikalne identyfikatory powi\u0105zane z przegl\u0105dark\u0105, kt\u00f3rej u\u017cywa Klient (czyli m.in. pliki Cookies). Unikalne identyfikatory powi\u0105zane z r\u00f3\u017cnymi przegl\u0105darkami mog\u0105 by\u0107 \u0142\u0105czone je\u017celi klient jest zalogowany na swoje Konto na kilku przegl\u0105darkach.<\/li>\n\n<li>adres e-mail<\/li>\n\n<li>typ i ustawienia przegl\u0105darki oraz urz\u0105dzenia<\/li>\n\n<li>aktywno\u015b\u0107 w witrynie www.sklep.panorama-plus.pl<\/li>\n\n<li>\u017ar\u00f3d\u0142a odwiedzin<\/li>\n\n<li>informacje o zakupach, sposobach p\u0142atno\u015bci i dostawy<\/li><\/ol><\/li><\/ol><p><strong>XI. PRAWO KONTROLI, DOST\u0118PU DO TRE\u015aCI W\u0141ASNYCH DANYCH ORAZ ICH POPRAWIANIA<\/strong><\/p><ol class=\"wp-block-list\"><li>Osoba, kt\u00f3rej dane dotycz\u0105, ma prawo dost\u0119pu do tre\u015bci swoich danych osobowych oraz prawo ich sprostowania, usuni\u0119cia, ograniczenia przetwarzania, prawo do przenoszenia danych, prawo wniesienia sprzeciwu, prawo do cofni\u0119cia zgody w dowolnym momencie bez wp\u0142ywu na zgodno\u015b\u0107 z prawem przetwarzania, kt\u00f3rego dokonano na podstawie zgody przed jej cofni\u0119ciem.<\/li>\n\n<li>W celu realizacji uprawnie\u0144, o kt\u00f3rych mowa w pkt 1 mo\u017cna wys\u0142a\u0107 stosown\u0105 wiadomo\u015b\u0107 e-mail na adres: kontakt@panorama-plus.pl<\/li>\n\n<li>Osoba, kt\u00f3rej dane dotycz\u0105 ma prawo wnie\u015b\u0107 skarg\u0119 do organu nadzorczego, czyli Prezesa Urz\u0119du Ochrony Danych Osobowych.<\/li><\/ol><p><strong>XII. PLIKI &#8222;COOKIES&#8221;<\/strong><\/p><ol class=\"wp-block-list\"><li>Sklep Us\u0142ugodawcy u\u017cywa plik\u00f3w \u201ecookies\u201d. Brak zmiany po stronie Us\u0142ugobiorcy ustawie\u0144 przegl\u0105darki jest r\u00f3wnoznaczny z wyra\u017ceniem zgody na ich u\u017cycie.<\/li>\n\n<li>Instalacja plik\u00f3w \u201ecookies\u201d jest konieczna do prawid\u0142owego \u015bwiadczenia us\u0142ug w Sklepie. W plikach \u201ecookies&#8221; znajduj\u0105 si\u0119 informacje niezb\u0119dne do prawid\u0142owego funkcjonowania Sklepu, w szczeg\u00f3lno\u015bci tych wymagaj\u0105cych autoryzacji.<\/li>\n\n<li>W ramach Sklepu stosowane s\u0105 trzy rodzaje plik\u00f3w \u201ecookies\u201d: \u201esesyjne\u201d, \u201esta\u0142e\u201d oraz \u201eanalityczne\u201d.<ol style=\"list-style-type:lower-alpha\" class=\"wp-block-list\"><li>\u201eCookies\u201d \u201esesyjne\u201d s\u0105 plikami tymczasowymi, kt\u00f3re przechowywane s\u0105 w urz\u0105dzeniu ko\u0144cowym Us\u0142ugobiorcy do czasu wylogowania (opuszczenia Sklepu).<\/li>\n\n<li>\u201eSta\u0142e\u201d pliki \u201ecookies\u201d przechowywane s\u0105 w urz\u0105dzeniu ko\u0144cowym Us\u0142ugobiorcy przez czas okre\u015blony w parametrach plik\u00f3w \u201ecookies\u201d lub do czasu ich usuni\u0119cia przez Us\u0142ugobiorc\u0119.<\/li>\n\n<li>\u201eCookies\u201d \u201eanalityczne\u201d umo\u017cliwiaj\u0105 lepsze poznanie sposobu interakcji Us\u0142ugobiorcy w zakresie zawarto\u015bci Sklepu, lepiej zorganizowa\u0107 jego uk\u0142ad. \u201cAnalityczne\u201d \u201ecookies\u201d gromadz\u0105 informacje o sposobie korzystania ze Sklepu przez Us\u0142ugobiorc\u0119, typie strony, z jakiej Us\u0142ugobiorca zosta\u0142 przekierowany, oraz liczbie odwiedzin i czasie wizyty Us\u0142ugobiorcy na stronie Sklepu. Informacje te nie rejestruj\u0105 konkretnych danych osobowych Us\u0142ugobiorcy, lecz s\u0142u\u017c\u0105 do opracowania statystyk korzystania ze Sklepu.<\/li><\/ol><\/li>\n\n<li>Us\u0142ugobiorca ma prawo zadecydowania w zakresie dost\u0119pu plik\u00f3w \u201ecookies\u201d do swojego komputera poprzez ich uprzedni wyb\u00f3r w oknie swojej przegl\u0105darki. Szczeg\u00f3\u0142owe informacje o mo\u017cliwo\u015bci i sposobach obs\u0142ugi plik\u00f3w \u201ecookies\u201d dost\u0119pne s\u0105 w ustawieniach oprogramowania (przegl\u0105darki internetowej).<\/li><\/ol><p><strong>XIII. POSTANOWIENIA KO\u0143COWE<\/strong><\/p><ol class=\"wp-block-list\"><li>Administrator stosuje \u015brodki techniczne i organizacyjne zapewniaj\u0105ce ochron\u0119 przetwarzanych danych osobowych odpowiedni\u0105 do zagro\u017ce\u0144 oraz kategorii danych obj\u0119tych ochron\u0105, a w szczeg\u00f3lno\u015bci zabezpiecza dane przed ich udost\u0119pnieniem osobom nieupowa\u017cnionym, zabraniem przez osob\u0119 nieuprawnion\u0105, przetwarzaniem z naruszeniem obowi\u0105zuj\u0105cych przepis\u00f3w oraz zmian\u0105, utrat\u0105, uszkodzeniem lub zniszczeniem.<\/li>\n\n<li>Administrator udost\u0119pnia odpowiednie \u015brodki techniczne zapobiegaj\u0105ce pozyskiwaniu i modyfikowaniu przez osoby nieuprawnione, danych osobowych przesy\u0142anych drog\u0105 elektroniczn\u0105.<\/li>\n\n<li>W sprawach nieuregulowanych niniejsz\u0105 Polityk\u0105 Prywatno\u015bci stosuje si\u0119 odpowiednio postanowienia Regulaminu Sklepu www.sklep.panorama-plus.pl, przepisy Rozporz\u0105dzenia Parlamentu Europejskiego i Rady (UE) 2016\/679 z dnia 27 kwietnia 2016 roku w sprawie ochrony os\u00f3b fizycznych w zwi\u0105zku z przetwarzaniem danych osobowych i w sprawie swobodnego przep\u0142ywu takich danych oraz uchylenia dyrektywy 95\/46\/WE (RODO) oraz inne w\u0142a\u015bciwe przepisy prawa polskiego.<\/li>\n\n<li>Administrator zobowi\u0105zuje si\u0119 do regularnego przegl\u0105du niniejszej Polityki Prywatno\u015bci i jej zmiany w sytuacji, gdy oka\u017ce si\u0119 to niezb\u0119dne lub po\u017c\u0105dane z uwagi na: nowe przepisy prawa, nowe wytyczne organ\u00f3w odpowiedzialnych za nadz\u00f3r nad procesami ochrony danych osobowych, najlepsze praktyki stosowane w obszarze ochrony danych osobowych. Administrator zastrzega tak\u017ce mo\u017cliwo\u015b\u0107 zmiany niniejszej Polityki Prywatno\u015bci w przypadku zmian technologii, przy wykorzystaniu kt\u00f3rej przetwarza dane osobowe i zmiana jej wp\u0142ywa na brzmienie niniejszej polityki, a tak\u017ce w razie zmiany sposob\u00f3w, cel\u00f3w lub podstaw prawnych przetwarzania danych osobowych.<\/li><\/ol>","protected":false},"excerpt":{"rendered":"<p>Polityka prywatno\u015bci sklepu internetowego POLITYKA PRYWATNO\u015aCI I. POSTANOWIENIA OG\u00d3LNE II. PRZETWARZANIE DANYCH OSOBOWYCH W CELU SPRAWNEJ I KOMFORTOWEJ REALIZACJI ZAM\u00d3WIENIA III. PRZETWARZANIE DANYCH OSOBOWYCH W CELU REALIZACJI UMOWY PROWADZENIA KONTA W SKLEPIE IV. PRZETWARZANIE DANYCH OSOBOWYCH W CELU BEZPO\u015aREDNIEGO KONTAKTU Z KLIENTEM V. PRZETWARZANIE DANYCH OSOBOWYCH W CELU \u015aWIADCZENIA US\u0141UGI NEWSLETTER VI. PRZETWARZANIE DANYCH W [&hellip;]<\/p>\n","protected":false},"author":1,"featured_media":0,"parent":0,"menu_order":0,"comment_status":"closed","ping_status":"open","template":"","meta":{"_uag_custom_page_level_css":"","site-sidebar-layout":"default","site-content-layout":"","ast-site-content-layout":"default","site-content-style":"default","site-sidebar-style":"default","ast-global-header-display":"","ast-banner-title-visibility":"","ast-main-header-display":"","ast-hfb-above-header-display":"","ast-hfb-below-header-display":"","ast-hfb-mobile-header-display":"","site-post-title":"","ast-breadcrumbs-content":"","ast-featured-img":"","footer-sml-layout":"","theme-transparent-header-meta":"","adv-header-id-meta":"","stick-header-meta":"","header-above-stick-meta":"","header-main-stick-meta":"","header-below-stick-meta":"","astra-migrate-meta-layouts":"set","ast-page-background-enabled":"default","ast-page-background-meta":{"desktop":{"background-color":"var(--ast-global-color-4)","background-image":"","background-repeat":"repeat","background-position":"center center","background-size":"auto","background-attachment":"scroll","background-type":"","background-media":"","overlay-type":"","overlay-color":"","overlay-opacity":"","overlay-gradient":""},"tablet":{"background-color":"","background-image":"","background-repeat":"repeat","background-position":"center center","background-size":"auto","background-attachment":"scroll","background-type":"","background-media":"","overlay-type":"","overlay-color":"","overlay-opacity":"","overlay-gradient":""},"mobile":{"background-color":"","background-image":"","background-repeat":"repeat","background-position":"center center","background-size":"auto","background-attachment":"scroll","background-type":"","background-media":"","overlay-type":"","overlay-color":"","overlay-opacity":"","overlay-gradient":""}},"ast-content-background-meta":{"desktop":{"background-color":"var(--ast-global-color-5)","background-image":"","background-repeat":"repeat","background-position":"center center","background-size":"auto","background-attachment":"scroll","background-type":"","background-media":"","overlay-type":"","overlay-color":"","overlay-opacity":"","overlay-gradient":""},"tablet":{"background-color":"var(--ast-global-color-5)","background-image":"","background-repeat":"repeat","background-position":"center center","background-size":"auto","background-attachment":"scroll","background-type":"","background-media":"","overlay-type":"","overlay-color":"","overlay-opacity":"","overlay-gradient":""},"mobile":{"background-color":"var(--ast-global-color-5)","background-image":"","background-repeat":"repeat","background-position":"center center","background-size":"auto","background-attachment":"scroll","background-type":"","background-media":"","overlay-type":"","overlay-color":"","overlay-opacity":"","overlay-gradient":""}},"footnotes":""},"class_list":["post-3","page","type-page","status-publish","hentry"],"yoast_head":"<!-- This site is optimized with the Yoast SEO plugin v23.9 - https:\/\/yoast.com\/wordpress\/plugins\/seo\/ -->\n<title>Polityka prywatno\u015bci - PanoramaPlus Sklep<\/title>\n<meta name=\"robots\" content=\"index, follow, max-snippet:-1, max-image-preview:large, max-video-preview:-1\" \/>\n<link rel=\"canonical\" href=\"https:\/\/www.panorama-plus.pl\/sklep\/polityka-prywatnosci\/\" \/>\n<meta property=\"og:locale\" content=\"pl_PL\" \/>\n<meta property=\"og:type\" content=\"article\" \/>\n<meta property=\"og:title\" content=\"Polityka prywatno\u015bci - PanoramaPlus Sklep\" \/>\n<meta property=\"og:description\" content=\"Polityka prywatno\u015bci sklepu internetowego POLITYKA PRYWATNO\u015aCI I. POSTANOWIENIA OG\u00d3LNE II. PRZETWARZANIE DANYCH OSOBOWYCH W CELU SPRAWNEJ I KOMFORTOWEJ REALIZACJI ZAM\u00d3WIENIA III. PRZETWARZANIE DANYCH OSOBOWYCH W CELU REALIZACJI UMOWY PROWADZENIA KONTA W SKLEPIE IV. PRZETWARZANIE DANYCH OSOBOWYCH W CELU BEZPO\u015aREDNIEGO KONTAKTU Z KLIENTEM V. PRZETWARZANIE DANYCH OSOBOWYCH W CELU \u015aWIADCZENIA US\u0141UGI NEWSLETTER VI. PRZETWARZANIE DANYCH W [&hellip;]\" \/>\n<meta property=\"og:url\" content=\"https:\/\/www.panorama-plus.pl\/sklep\/polityka-prywatnosci\/\" \/>\n<meta property=\"og:site_name\" content=\"PanoramaPlus Sklep\" \/>\n<meta property=\"article:modified_time\" content=\"2024-10-02T08:41:03+00:00\" \/>\n<meta name=\"twitter:card\" content=\"summary_large_image\" \/>\n<meta name=\"twitter:label1\" content=\"Szacowany czas czytania\" \/>\n\t<meta name=\"twitter:data1\" content=\"10 minut\" \/>\n<script type=\"application\/ld+json\" class=\"yoast-schema-graph\">{\"@context\":\"https:\/\/schema.org\",\"@graph\":[{\"@type\":\"WebPage\",\"@id\":\"https:\/\/www.panorama-plus.pl\/sklep\/polityka-prywatnosci\/\",\"url\":\"https:\/\/www.panorama-plus.pl\/sklep\/polityka-prywatnosci\/\",\"name\":\"Polityka prywatno\u015bci - PanoramaPlus Sklep\",\"isPartOf\":{\"@id\":\"https:\/\/www.panorama-plus.pl\/sklep\/#website\"},\"datePublished\":\"2024-09-05T09:10:54+00:00\",\"dateModified\":\"2024-10-02T08:41:03+00:00\",\"breadcrumb\":{\"@id\":\"https:\/\/www.panorama-plus.pl\/sklep\/polityka-prywatnosci\/#breadcrumb\"},\"inLanguage\":\"pl-PL\",\"potentialAction\":[{\"@type\":\"ReadAction\",\"target\":[\"https:\/\/www.panorama-plus.pl\/sklep\/polityka-prywatnosci\/\"]}]},{\"@type\":\"BreadcrumbList\",\"@id\":\"https:\/\/www.panorama-plus.pl\/sklep\/polityka-prywatnosci\/#breadcrumb\",\"itemListElement\":[{\"@type\":\"ListItem\",\"position\":1,\"name\":\"Strona g\u0142\u00f3wna\",\"item\":\"https:\/\/www.panorama-plus.pl\/sklep\/\"},{\"@type\":\"ListItem\",\"position\":2,\"name\":\"Polityka prywatno\u015bci\"}]},{\"@type\":\"WebSite\",\"@id\":\"https:\/\/www.panorama-plus.pl\/sklep\/#website\",\"url\":\"https:\/\/www.panorama-plus.pl\/sklep\/\",\"name\":\"PanoramaPlus Sklep\",\"description\":\"\",\"publisher\":{\"@id\":\"https:\/\/www.panorama-plus.pl\/sklep\/#organization\"},\"potentialAction\":[{\"@type\":\"SearchAction\",\"target\":{\"@type\":\"EntryPoint\",\"urlTemplate\":\"https:\/\/www.panorama-plus.pl\/sklep\/?s={search_term_string}\"},\"query-input\":{\"@type\":\"PropertyValueSpecification\",\"valueRequired\":true,\"valueName\":\"search_term_string\"}}],\"inLanguage\":\"pl-PL\"},{\"@type\":\"Organization\",\"@id\":\"https:\/\/www.panorama-plus.pl\/sklep\/#organization\",\"name\":\"PanoramaPlus Sklep\",\"url\":\"https:\/\/www.panorama-plus.pl\/sklep\/\",\"logo\":{\"@type\":\"ImageObject\",\"inLanguage\":\"pl-PL\",\"@id\":\"https:\/\/www.panorama-plus.pl\/sklep\/#\/schema\/logo\/image\/\",\"url\":\"https:\/\/www.panorama-plus.pl\/sklep\/wp-content\/uploads\/cropped-logo_kolor.png\",\"contentUrl\":\"https:\/\/www.panorama-plus.pl\/sklep\/wp-content\/uploads\/cropped-logo_kolor.png\",\"width\":1318,\"height\":393,\"caption\":\"PanoramaPlus Sklep\"},\"image\":{\"@id\":\"https:\/\/www.panorama-plus.pl\/sklep\/#\/schema\/logo\/image\/\"}}]}<\/script>\n<!-- \/ Yoast SEO plugin. -->","yoast_head_json":{"title":"Polityka prywatno\u015bci - PanoramaPlus Sklep","robots":{"index":"index","follow":"follow","max-snippet":"max-snippet:-1","max-image-preview":"max-image-preview:large","max-video-preview":"max-video-preview:-1"},"canonical":"https:\/\/www.panorama-plus.pl\/sklep\/polityka-prywatnosci\/","og_locale":"pl_PL","og_type":"article","og_title":"Polityka prywatno\u015bci - PanoramaPlus Sklep","og_description":"Polityka prywatno\u015bci sklepu internetowego POLITYKA PRYWATNO\u015aCI I. POSTANOWIENIA OG\u00d3LNE II. PRZETWARZANIE DANYCH OSOBOWYCH W CELU SPRAWNEJ I KOMFORTOWEJ REALIZACJI ZAM\u00d3WIENIA III. PRZETWARZANIE DANYCH OSOBOWYCH W CELU REALIZACJI UMOWY PROWADZENIA KONTA W SKLEPIE IV. PRZETWARZANIE DANYCH OSOBOWYCH W CELU BEZPO\u015aREDNIEGO KONTAKTU Z KLIENTEM V. PRZETWARZANIE DANYCH OSOBOWYCH W CELU \u015aWIADCZENIA US\u0141UGI NEWSLETTER VI. PRZETWARZANIE DANYCH W [&hellip;]","og_url":"https:\/\/www.panorama-plus.pl\/sklep\/polityka-prywatnosci\/","og_site_name":"PanoramaPlus Sklep","article_modified_time":"2024-10-02T08:41:03+00:00","twitter_card":"summary_large_image","twitter_misc":{"Szacowany czas czytania":"10 minut"},"schema":{"@context":"https:\/\/schema.org","@graph":[{"@type":"WebPage","@id":"https:\/\/www.panorama-plus.pl\/sklep\/polityka-prywatnosci\/","url":"https:\/\/www.panorama-plus.pl\/sklep\/polityka-prywatnosci\/","name":"Polityka prywatno\u015bci - PanoramaPlus Sklep","isPartOf":{"@id":"https:\/\/www.panorama-plus.pl\/sklep\/#website"},"datePublished":"2024-09-05T09:10:54+00:00","dateModified":"2024-10-02T08:41:03+00:00","breadcrumb":{"@id":"https:\/\/www.panorama-plus.pl\/sklep\/polityka-prywatnosci\/#breadcrumb"},"inLanguage":"pl-PL","potentialAction":[{"@type":"ReadAction","target":["https:\/\/www.panorama-plus.pl\/sklep\/polityka-prywatnosci\/"]}]},{"@type":"BreadcrumbList","@id":"https:\/\/www.panorama-plus.pl\/sklep\/polityka-prywatnosci\/#breadcrumb","itemListElement":[{"@type":"ListItem","position":1,"name":"Strona g\u0142\u00f3wna","item":"https:\/\/www.panorama-plus.pl\/sklep\/"},{"@type":"ListItem","position":2,"name":"Polityka prywatno\u015bci"}]},{"@type":"WebSite","@id":"https:\/\/www.panorama-plus.pl\/sklep\/#website","url":"https:\/\/www.panorama-plus.pl\/sklep\/","name":"PanoramaPlus Sklep","description":"","publisher":{"@id":"https:\/\/www.panorama-plus.pl\/sklep\/#organization"},"potentialAction":[{"@type":"SearchAction","target":{"@type":"EntryPoint","urlTemplate":"https:\/\/www.panorama-plus.pl\/sklep\/?s={search_term_string}"},"query-input":{"@type":"PropertyValueSpecification","valueRequired":true,"valueName":"search_term_string"}}],"inLanguage":"pl-PL"},{"@type":"Organization","@id":"https:\/\/www.panorama-plus.pl\/sklep\/#organization","name":"PanoramaPlus Sklep","url":"https:\/\/www.panorama-plus.pl\/sklep\/","logo":{"@type":"ImageObject","inLanguage":"pl-PL","@id":"https:\/\/www.panorama-plus.pl\/sklep\/#\/schema\/logo\/image\/","url":"https:\/\/www.panorama-plus.pl\/sklep\/wp-content\/uploads\/cropped-logo_kolor.png","contentUrl":"https:\/\/www.panorama-plus.pl\/sklep\/wp-content\/uploads\/cropped-logo_kolor.png","width":1318,"height":393,"caption":"PanoramaPlus Sklep"},"image":{"@id":"https:\/\/www.panorama-plus.pl\/sklep\/#\/schema\/logo\/image\/"}}]}},"uagb_featured_image_src":{"full":false,"thumbnail":false,"medium":false,"medium_large":false,"large":false,"1536x1536":false,"2048x2048":false,"woocommerce_thumbnail":false,"woocommerce_single":false,"woocommerce_gallery_thumbnail":false},"uagb_author_info":{"display_name":"adminMR","author_link":"https:\/\/www.panorama-plus.pl\/sklep\/author\/adminmr\/"},"uagb_comment_info":0,"uagb_excerpt":"Polityka prywatno\u015bci sklepu internetowego POLITYKA PRYWATNO\u015aCI I. POSTANOWIENIA OG\u00d3LNE II. PRZETWARZANIE DANYCH OSOBOWYCH W CELU SPRAWNEJ I KOMFORTOWEJ REALIZACJI ZAM\u00d3WIENIA III. PRZETWARZANIE DANYCH OSOBOWYCH W CELU REALIZACJI UMOWY PROWADZENIA KONTA W SKLEPIE IV. PRZETWARZANIE DANYCH OSOBOWYCH W CELU BEZPO\u015aREDNIEGO KONTAKTU Z KLIENTEM V. PRZETWARZANIE DANYCH OSOBOWYCH W CELU \u015aWIADCZENIA US\u0141UGI NEWSLETTER VI. PRZETWARZANIE DANYCH W&hellip;","_links":{"self":[{"href":"https:\/\/www.panorama-plus.pl\/sklep\/wp-json\/wp\/v2\/pages\/3","targetHints":{"allow":["GET"]}}],"collection":[{"href":"https:\/\/www.panorama-plus.pl\/sklep\/wp-json\/wp\/v2\/pages"}],"about":[{"href":"https:\/\/www.panorama-plus.pl\/sklep\/wp-json\/wp\/v2\/types\/page"}],"author":[{"embeddable":true,"href":"https:\/\/www.panorama-plus.pl\/sklep\/wp-json\/wp\/v2\/users\/1"}],"replies":[{"embeddable":true,"href":"https:\/\/www.panorama-plus.pl\/sklep\/wp-json\/wp\/v2\/comments?post=3"}],"version-history":[{"count":2,"href":"https:\/\/www.panorama-plus.pl\/sklep\/wp-json\/wp\/v2\/pages\/3\/revisions"}],"predecessor-version":[{"id":2102,"href":"https:\/\/www.panorama-plus.pl\/sklep\/wp-json\/wp\/v2\/pages\/3\/revisions\/2102"}],"wp:attachment":[{"href":"https:\/\/www.panorama-plus.pl\/sklep\/wp-json\/wp\/v2\/media?parent=3"}],"curies":[{"name":"wp","href":"https:\/\/api.w.org\/{rel}","templated":true}]}}